{"id":29176,"date":"2025-07-21T11:49:10","date_gmt":"2025-07-21T04:49:10","guid":{"rendered":"https:\/\/www.redcross.org.vn\/wp-content\/uploads\/2025\/07\/z682163571091.jpg"},"modified":"2025-07-21T11:50:04","modified_gmt":"2025-07-21T04:50:04","slug":"z682163571091-2","status":"inherit","type":"attachment","link":"https:\/\/redcross.org.vn\/en\/z682163571091-2","title":{"rendered":"z682163571091"},"author":4,"comment_status":"open","ping_status":"closed","template":"","meta":{"inline_featured_image":false},"acf":[],"description":{"rendered":"<p class=\"attachment\"><a href='https:\/\/redcross.org.vn\/wp-content\/uploads\/2025\/07\/z682163571091.jpg'><img decoding=\"async\" width=\"1535\" height=\"1005\" src=\"https:\/\/redcross.org.vn\/wp-content\/uploads\/2025\/07\/z682163571091.jpg\" class=\"attachment-medium size-medium\" alt=\"\" \/><\/a><\/p>\n"},"caption":{"rendered":"<p>\u00d4ng Ng\u00f4 V\u0103n C\u01b0\u01a1ng, Ph\u00f3 B\u00ed th\u01b0 chuy\u00ean tr\u00e1ch \u0110\u1ea3ng \u1ee7y M\u1eb7t tr\u1eadn T\u1ed5 qu\u1ed1c, c\u00e1c \u0111o\u00e0n th\u1ec3 Trung \u01b0\u01a1ng v\u00e0 b\u00e0 Ho\u00e0ng Th\u1ecb Thanh B\u00ecnh, Ph\u00f3 Ch\u1ee7 t\u1ecbch H\u0110ND t\u1ec9nh L\u00e0o Cai t\u1eb7ng qu\u00e0 c\u00e1c gia \u0111\u00ecnh ch\u00ednh s\u00e1ch, ng\u01b0\u1eddi c\u00f3 c\u00f4ng.(\u1ea3nh THN\u0110)<\/p>\n"},"alt_text":"","media_type":"image","mime_type":"image\/jpeg","media_details":{"width":1535,"height":1005,"file":"2025\/07\/z682163571091.jpg","filesize":384069,"sizes":{"medium_large":{"file":"z682163571091-768x503.jpg","width":768,"height":503,"filesize":101423,"mime_type":"image\/jpeg","source_url":"https:\/\/redcross.org.vn\/wp-content\/uploads\/2025\/07\/z682163571091-768x503.jpg"},"full":{"file":"z682163571091.jpg","width":1535,"height":1005,"mime_type":"image\/jpeg","source_url":"https:\/\/redcross.org.vn\/wp-content\/uploads\/2025\/07\/z682163571091.jpg"}},"image_meta":{"aperture":"0","credit":"","camera":"","caption":"","created_timestamp":"0","copyright":"","focal_length":"0","iso":"0","shutter_speed":"0","title":"","orientation":"0","keywords":[]}},"post":null,"source_url":"https:\/\/redcross.org.vn\/wp-content\/uploads\/2025\/07\/z682163571091.jpg","_links":{"self":[{"href":"https:\/\/redcross.org.vn\/en\/wp-json\/wp\/v2\/media\/29176"}],"collection":[{"href":"https:\/\/redcross.org.vn\/en\/wp-json\/wp\/v2\/media"}],"about":[{"href":"https:\/\/redcross.org.vn\/en\/wp-json\/wp\/v2\/types\/attachment"}],"author":[{"embeddable":true,"href":"https:\/\/redcross.org.vn\/en\/wp-json\/wp\/v2\/users\/4"}],"replies":[{"embeddable":true,"href":"https:\/\/redcross.org.vn\/en\/wp-json\/wp\/v2\/comments?post=29176"}]}}