{"id":27468,"date":"2025-01-16T15:43:26","date_gmt":"2025-01-16T08:43:26","guid":{"rendered":"https:\/\/www.redcross.org.vn\/wp-content\/uploads\/2025\/01\/2.-303e1.jpg"},"modified":"2025-01-16T15:46:12","modified_gmt":"2025-01-16T08:46:12","slug":"2-303e1-2","status":"inherit","type":"attachment","link":"https:\/\/redcross.org.vn\/en\/2-303e1-2","title":{"rendered":"2. 303e1"},"author":4,"comment_status":"open","ping_status":"closed","template":"","meta":{"inline_featured_image":false},"acf":[],"description":{"rendered":"<p class=\"attachment\"><a href='https:\/\/redcross.org.vn\/wp-content\/uploads\/2025\/01\/2.-303e1.jpg'><img decoding=\"async\" width=\"1300\" height=\"895\" src=\"https:\/\/redcross.org.vn\/wp-content\/uploads\/2025\/01\/2.-303e1.jpg\" class=\"attachment-medium size-medium\" alt=\"\" \/><\/a><\/p>\n"},"caption":{"rendered":"<p>H\u1ed9i Ch\u1eef th\u1eadp \u0111\u1ecf t\u1ec9nh \u0111\u00e3 trao 310 su\u1ea5t qu\u00e0 \u201cT\u1ebft Nh\u00e2n \u00c1i\u201d cho c\u00e1c h\u1ed9 gia \u0111\u00ecnh ngh\u00e8o v\u00e0 c\u00f3 ho\u00e0n c\u1ea3nh kh\u00f3 kh\u0103n tr\u00ean \u0111\u1ecba b\u00e0n huy\u1ec7n L\u1ea1ng Giang.<\/p>\n"},"alt_text":"","media_type":"image","mime_type":"image\/jpeg","media_details":{"width":1300,"height":895,"file":"2025\/01\/2.-303e1.jpg","filesize":352183,"sizes":{"medium_large":{"file":"2.-303e1-768x529.jpg","width":768,"height":529,"filesize":113929,"mime_type":"image\/jpeg","source_url":"https:\/\/redcross.org.vn\/wp-content\/uploads\/2025\/01\/2.-303e1-768x529.jpg"},"full":{"file":"2.-303e1.jpg","width":1300,"height":895,"mime_type":"image\/jpeg","source_url":"https:\/\/redcross.org.vn\/wp-content\/uploads\/2025\/01\/2.-303e1.jpg"}},"image_meta":{"aperture":"0","credit":"","camera":"","caption":"","created_timestamp":"0","copyright":"","focal_length":"0","iso":"0","shutter_speed":"0","title":"","orientation":"0","keywords":[]}},"post":null,"source_url":"https:\/\/redcross.org.vn\/wp-content\/uploads\/2025\/01\/2.-303e1.jpg","_links":{"self":[{"href":"https:\/\/redcross.org.vn\/en\/wp-json\/wp\/v2\/media\/27468"}],"collection":[{"href":"https:\/\/redcross.org.vn\/en\/wp-json\/wp\/v2\/media"}],"about":[{"href":"https:\/\/redcross.org.vn\/en\/wp-json\/wp\/v2\/types\/attachment"}],"author":[{"embeddable":true,"href":"https:\/\/redcross.org.vn\/en\/wp-json\/wp\/v2\/users\/4"}],"replies":[{"embeddable":true,"href":"https:\/\/redcross.org.vn\/en\/wp-json\/wp\/v2\/comments?post=27468"}]}}